{"id":1363,"date":"2023-09-22T11:24:41","date_gmt":"2023-09-22T11:24:41","guid":{"rendered":"https:\/\/guidesi.ch\/2023\/gebiet\/"},"modified":"2023-09-27T10:43:56","modified_gmt":"2023-09-27T10:43:56","slug":"gebiet","status":"publish","type":"page","link":"https:\/\/guidesi.ch\/de\/gebiet\/","title":{"rendered":"Gebiet"},"content":{"rendered":"\t\t<div data-elementor-type=\"wp-page\" data-elementor-id=\"1363\" class=\"elementor elementor-1363 elementor-1339\" data-elementor-post-type=\"page\">\n\t\t\t\t<div class=\"elementor-element elementor-element-9ca5eea e-flex e-con-boxed e-con e-parent\" data-id=\"9ca5eea\" data-element_type=\"container\" data-e-type=\"container\">\n\t\t\t\t\t<div class=\"e-con-inner\">\n\t\t\t\t<div class=\"elementor-element elementor-element-6802c6d elementor-widget elementor-widget-heading\" data-id=\"6802c6d\" data-element_type=\"widget\" data-e-type=\"widget\" data-widget_type=\"heading.default\">\n\t\t\t\t<div class=\"elementor-widget-container\">\n\t\t\t\t\t<h2 class=\"elementor-heading-title elementor-size-default\">DAS GEBIET DER ITALIENISCHSPR\u00c4CHIGEN SCHWEIZ<\/h2>\t\t\t\t<\/div>\n\t\t\t\t<\/div>\n\t\t\t\t\t<\/div>\n\t\t\t\t<\/div>\n\t\t<div class=\"elementor-element elementor-element-0db73aa e-flex e-con-boxed e-con e-parent\" data-id=\"0db73aa\" data-element_type=\"container\" data-e-type=\"container\">\n\t\t\t\t\t<div class=\"e-con-inner\">\n\t\t\t\t<div class=\"elementor-element elementor-element-e20cee9 elementor-widget-divider--view-line elementor-widget elementor-widget-divider\" data-id=\"e20cee9\" data-element_type=\"widget\" data-e-type=\"widget\" data-widget_type=\"divider.default\">\n\t\t\t\t<div class=\"elementor-widget-container\">\n\t\t\t\t\t\t\t<div class=\"elementor-divider\">\n\t\t\t<span class=\"elementor-divider-separator\">\n\t\t\t\t\t\t<\/span>\n\t\t<\/div>\n\t\t\t\t\t\t<\/div>\n\t\t\t\t<\/div>\n\t\t\t\t\t<\/div>\n\t\t\t\t<\/div>\n\t\t<div class=\"elementor-element elementor-element-bc00304 e-flex e-con-boxed e-con e-parent\" data-id=\"bc00304\" data-element_type=\"container\" data-e-type=\"container\">\n\t\t\t\t\t<div class=\"e-con-inner\">\n\t\t\t\t<div class=\"elementor-element elementor-element-1ee214e elementor-widget elementor-widget-text-editor\" data-id=\"1ee214e\" data-element_type=\"widget\" data-e-type=\"widget\" data-widget_type=\"text-editor.default\">\n\t\t\t\t<div class=\"elementor-widget-container\">\n\t\t\t\t\t\t\t\t\t<p>Das <b>Tessin<\/b> sowie das <b>Misox<\/b>, im Kanton Graub\u00fcnden, geh\u00f6ren zur <b>italienischen Schweiz<\/b>. Diese au\u00dfergew\u00f6hnlichen und noch relativ unerforschten Gebiete sind voller Sch\u00e4tze. Ein Kaleidoskop von nat\u00fcrlichen Sch\u00f6nheiten, Geschichte, Kultur, Traditionen und nicht zuletzt Gastronomie. <\/p>\n<p>Von der spektakul\u00e4ren <b>Alpenkette<\/b> an der Grenze mit der deutschsprachigen Schweiz zum milden mediterranen Klima bei den Seen <b>Lago Maggiore<\/b> und <b>Lugano<\/b> an der Grenze zu Italien steht unsere Region in ein perfektes Gleichgewicht zwischen italienischer Sprache und Atmosph\u00e4re und Schweizer Effizienz!<\/p>\n<p>Dank einem sehr milden Klima und \u00fcberdurchschnittliche Sonnentage als anderswo in der Schweiz sind die meteorologischen Verh\u00e4ltnisse im Tessin ausgesprochen angenehm.<\/p>\n<p>Der Besucher kann hier alles finden: eine Reiche und gro\u00dfz\u00fcgige <b>Natur- und historisch-kulturelle Welt<\/b>, eine <b>unverdorbene Natur<\/b>, <b>Berge<\/b>, Fl\u00fcsse mit Smaragdgr\u00fcnen Wasser, klare Bergseen, imposante Wasserf\u00e4lle, ferne <b>T\u00e4ler<\/b> mit malerischen <b>D\u00f6rfern<\/b>. St\u00e4dte und D\u00f6rfer sind Schatzkammern von <b>historischen Monumenten<\/b> und <b>Kunstwerke<\/b>, die die jahrhundertelange gemeinsame Geschichte zwischen Italien und der Schweiz reflektieren. K\u00fcnstler, Dichter, Philosophen und Schriftsteller haben sich von dieser Welt inspirieren lassen und h\u00e4ufig dauerhaft hier gelebt.  <\/p>\n<p>Das <b>Tessin<\/b> r\u00fchmt sich stolz drei <b>UNESCO-St\u00e4tten<\/b> zu haben: die wundervollen <b>Burgen von Bellinzona<\/b>; der <b>Monte San Giorgio<\/b>; die <b>Prozessionen der Karwoche in Mendrisio<\/b>.<\/p>\n<p>Und nat\u00fcrlich ist auch die <b>Gastronomie<\/b> Bestandteil des Kantons, mit einer K\u00fcche, die von traditionellen bis hin zu anspruchsvollen Spezialit\u00e4ten reicht und von <b>Weinen<\/b>, die zunehmende internationale Bekanntheit erreichen.<\/p>\n\t\t\t\t\t\t\t\t<\/div>\n\t\t\t\t<\/div>\n\t\t\t\t\t<\/div>\n\t\t\t\t<\/div>\n\t\t<div class=\"elementor-element elementor-element-33e3d2de e-flex e-con-boxed e-con e-parent\" data-id=\"33e3d2de\" data-element_type=\"container\" data-e-type=\"container\">\n\t\t\t\t\t<div class=\"e-con-inner\">\n\t\t<div class=\"elementor-element elementor-element-fb62fb e-con-full e-flex e-con e-child\" data-id=\"fb62fb\" data-element_type=\"container\" data-e-type=\"container\">\n\t\t\t\t<div class=\"elementor-element elementor-element-711b3a57 elementor-widget elementor-widget-image\" data-id=\"711b3a57\" data-element_type=\"widget\" data-e-type=\"widget\" data-widget_type=\"image.default\">\n\t\t\t\t<div class=\"elementor-widget-container\">\n\t\t\t\t\t\t\t\t\t\t\t\t\t\t\t<img fetchpriority=\"high\" decoding=\"async\" width=\"1000\" height=\"350\" src=\"https:\/\/guidesi.ch\/2023\/wp-content\/uploads\/2023\/09\/01-territori_bellinzona_castelgrande1000x350.jpg\" class=\"attachment-large size-large wp-image-570\" alt=\"\" srcset=\"https:\/\/guidesi.ch\/2023\/wp-content\/uploads\/2023\/09\/01-territori_bellinzona_castelgrande1000x350.jpg 1000w, https:\/\/guidesi.ch\/2023\/wp-content\/uploads\/2023\/09\/01-territori_bellinzona_castelgrande1000x350-300x105.jpg 300w, https:\/\/guidesi.ch\/2023\/wp-content\/uploads\/2023\/09\/01-territori_bellinzona_castelgrande1000x350-768x269.jpg 768w\" sizes=\"(max-width: 1000px) 100vw, 1000px\" \/>\t\t\t\t\t\t\t\t\t\t\t\t\t\t\t<\/div>\n\t\t\t\t<\/div>\n\t\t\t\t<\/div>\n\t\t<div class=\"elementor-element elementor-element-4153da08 e-con-full e-flex e-con e-child\" data-id=\"4153da08\" data-element_type=\"container\" data-e-type=\"container\">\n\t\t\t\t<div class=\"elementor-element elementor-element-451e9ecf elementor-widget elementor-widget-heading\" data-id=\"451e9ecf\" data-element_type=\"widget\" data-e-type=\"widget\" data-widget_type=\"heading.default\">\n\t\t\t\t<div class=\"elementor-widget-container\">\n\t\t\t\t\t<h2 class=\"elementor-heading-title elementor-size-default\">BELLINZONA UND UMGEBUNG<\/h2>\t\t\t\t<\/div>\n\t\t\t\t<\/div>\n\t\t\t\t<div class=\"elementor-element elementor-element-5184b8bd elementor-widget elementor-widget-text-editor\" data-id=\"5184b8bd\" data-element_type=\"widget\" data-e-type=\"widget\" data-widget_type=\"text-editor.default\">\n\t\t\t\t<div class=\"elementor-widget-container\">\n\t\t\t\t\t\t\t\t\t<p>Strategisches Gebiet im Herzen der italienischen Schweiz, Scheideweg der Geschichte, Kunst, Kultur und einer wundersch\u00f6nen Natur.<\/p>\n\t\t\t\t\t\t\t\t<\/div>\n\t\t\t\t<\/div>\n\t\t\t\t<div class=\"elementor-element elementor-element-605103a8 elementor-align-left elementor-widget elementor-widget-button\" data-id=\"605103a8\" data-element_type=\"widget\" data-e-type=\"widget\" data-widget_type=\"button.default\">\n\t\t\t\t<div class=\"elementor-widget-container\">\n\t\t\t\t\t\t\t\t\t<div class=\"elementor-button-wrapper\">\n\t\t\t\t\t<a class=\"elementor-button elementor-button-link elementor-size-sm\" href=\"https:\/\/guidesi.ch\/de\/fuehrungen-bellinzona-und-umgebung\/\">\n\t\t\t\t\t\t<span class=\"elementor-button-content-wrapper\">\n\t\t\t\t\t\t\t\t\t<span class=\"elementor-button-text\">mehr<\/span>\n\t\t\t\t\t<\/span>\n\t\t\t\t\t<\/a>\n\t\t\t\t<\/div>\n\t\t\t\t\t\t\t\t<\/div>\n\t\t\t\t<\/div>\n\t\t\t\t<\/div>\n\t\t\t\t\t<\/div>\n\t\t\t\t<\/div>\n\t\t<div class=\"elementor-element elementor-element-3f4a0f5 e-flex e-con-boxed e-con e-parent\" data-id=\"3f4a0f5\" data-element_type=\"container\" data-e-type=\"container\">\n\t\t\t\t\t<div class=\"e-con-inner\">\n\t\t<div class=\"elementor-element elementor-element-f471e8c e-con-full e-flex e-con e-child\" data-id=\"f471e8c\" data-element_type=\"container\" data-e-type=\"container\">\n\t\t\t\t<div class=\"elementor-element elementor-element-0106250 elementor-widget elementor-widget-image\" data-id=\"0106250\" data-element_type=\"widget\" data-e-type=\"widget\" data-widget_type=\"image.default\">\n\t\t\t\t<div class=\"elementor-widget-container\">\n\t\t\t\t\t\t\t\t\t\t\t\t\t\t\t<img decoding=\"async\" width=\"1000\" height=\"350\" src=\"https:\/\/guidesi.ch\/2023\/wp-content\/uploads\/2023\/09\/02-territori_locarno_santuario_1000x350.jpg\" class=\"attachment-large size-large wp-image-571\" alt=\"\" srcset=\"https:\/\/guidesi.ch\/2023\/wp-content\/uploads\/2023\/09\/02-territori_locarno_santuario_1000x350.jpg 1000w, https:\/\/guidesi.ch\/2023\/wp-content\/uploads\/2023\/09\/02-territori_locarno_santuario_1000x350-300x105.jpg 300w, https:\/\/guidesi.ch\/2023\/wp-content\/uploads\/2023\/09\/02-territori_locarno_santuario_1000x350-768x269.jpg 768w\" sizes=\"(max-width: 1000px) 100vw, 1000px\" \/>\t\t\t\t\t\t\t\t\t\t\t\t\t\t\t<\/div>\n\t\t\t\t<\/div>\n\t\t\t\t<\/div>\n\t\t<div class=\"elementor-element elementor-element-0d6b1b0 e-con-full e-flex e-con e-child\" data-id=\"0d6b1b0\" data-element_type=\"container\" data-e-type=\"container\">\n\t\t\t\t<div class=\"elementor-element elementor-element-10925e3 elementor-widget elementor-widget-heading\" data-id=\"10925e3\" data-element_type=\"widget\" data-e-type=\"widget\" data-widget_type=\"heading.default\">\n\t\t\t\t<div class=\"elementor-widget-container\">\n\t\t\t\t\t<h2 class=\"elementor-heading-title elementor-size-default\">LOCARNO UND UMGEBUNG<\/h2>\t\t\t\t<\/div>\n\t\t\t\t<\/div>\n\t\t\t\t<div class=\"elementor-element elementor-element-35a29e5 elementor-widget elementor-widget-text-editor\" data-id=\"35a29e5\" data-element_type=\"widget\" data-e-type=\"widget\" data-widget_type=\"text-editor.default\">\n\t\t\t\t<div class=\"elementor-widget-container\">\n\t\t\t\t\t\t\t\t\t<p>Berge, atemberaubende Ausblicke, \u00fcppige Vegetation, mediterranes Klima, eine lebendige und sonnige Stadt am Ufer des ber\u00fchmten Lago Maggiore.<\/p>\n\t\t\t\t\t\t\t\t<\/div>\n\t\t\t\t<\/div>\n\t\t\t\t<div class=\"elementor-element elementor-element-48a35cb elementor-align-left elementor-widget elementor-widget-button\" data-id=\"48a35cb\" data-element_type=\"widget\" data-e-type=\"widget\" data-widget_type=\"button.default\">\n\t\t\t\t<div class=\"elementor-widget-container\">\n\t\t\t\t\t\t\t\t\t<div class=\"elementor-button-wrapper\">\n\t\t\t\t\t<a class=\"elementor-button elementor-button-link elementor-size-sm\" href=\"https:\/\/guidesi.ch\/de\/locarno-und-umgebung\/\">\n\t\t\t\t\t\t<span class=\"elementor-button-content-wrapper\">\n\t\t\t\t\t\t\t\t\t<span class=\"elementor-button-text\">mehr<\/span>\n\t\t\t\t\t<\/span>\n\t\t\t\t\t<\/a>\n\t\t\t\t<\/div>\n\t\t\t\t\t\t\t\t<\/div>\n\t\t\t\t<\/div>\n\t\t\t\t<\/div>\n\t\t\t\t\t<\/div>\n\t\t\t\t<\/div>\n\t\t<div class=\"elementor-element elementor-element-614d7af e-flex e-con-boxed e-con e-parent\" data-id=\"614d7af\" data-element_type=\"container\" data-e-type=\"container\">\n\t\t\t\t\t<div class=\"e-con-inner\">\n\t\t<div class=\"elementor-element elementor-element-38fdd77 e-con-full e-flex e-con e-child\" data-id=\"38fdd77\" data-element_type=\"container\" data-e-type=\"container\">\n\t\t\t\t<div class=\"elementor-element elementor-element-bfe69dc elementor-widget elementor-widget-image\" data-id=\"bfe69dc\" data-element_type=\"widget\" data-e-type=\"widget\" data-widget_type=\"image.default\">\n\t\t\t\t<div class=\"elementor-widget-container\">\n\t\t\t\t\t\t\t\t\t\t\t\t\t\t\t<img decoding=\"async\" width=\"1000\" height=\"350\" src=\"https:\/\/guidesi.ch\/2023\/wp-content\/uploads\/2023\/09\/03-territori_lugano_paradiso_1000x350.jpg\" class=\"attachment-large size-large wp-image-572\" alt=\"\" srcset=\"https:\/\/guidesi.ch\/2023\/wp-content\/uploads\/2023\/09\/03-territori_lugano_paradiso_1000x350.jpg 1000w, https:\/\/guidesi.ch\/2023\/wp-content\/uploads\/2023\/09\/03-territori_lugano_paradiso_1000x350-300x105.jpg 300w, https:\/\/guidesi.ch\/2023\/wp-content\/uploads\/2023\/09\/03-territori_lugano_paradiso_1000x350-768x269.jpg 768w\" sizes=\"(max-width: 1000px) 100vw, 1000px\" \/>\t\t\t\t\t\t\t\t\t\t\t\t\t\t\t<\/div>\n\t\t\t\t<\/div>\n\t\t\t\t<\/div>\n\t\t<div class=\"elementor-element elementor-element-55b0a7a e-con-full e-flex e-con e-child\" data-id=\"55b0a7a\" data-element_type=\"container\" data-e-type=\"container\">\n\t\t\t\t<div class=\"elementor-element elementor-element-db0ffc6 elementor-widget elementor-widget-heading\" data-id=\"db0ffc6\" data-element_type=\"widget\" data-e-type=\"widget\" data-widget_type=\"heading.default\">\n\t\t\t\t<div class=\"elementor-widget-container\">\n\t\t\t\t\t<h2 class=\"elementor-heading-title elementor-size-default\">LUGANO UND UMGEBUNG<\/h2>\t\t\t\t<\/div>\n\t\t\t\t<\/div>\n\t\t\t\t<div class=\"elementor-element elementor-element-0f14950 elementor-widget elementor-widget-text-editor\" data-id=\"0f14950\" data-element_type=\"widget\" data-e-type=\"widget\" data-widget_type=\"text-editor.default\">\n\t\t\t\t<div class=\"elementor-widget-container\">\n\t\t\t\t\t\t\t\t\t<p>Eine lebendige Stadt \u201d auf menschlicher Ebene gebaut \u201d und einer nat\u00fcrlichen Landschaft gespiegelt in den Gew\u00e4ssern des Lago di Lugano. Eine ideale Mischung aus modernen und alten. <\/p>\n\t\t\t\t\t\t\t\t<\/div>\n\t\t\t\t<\/div>\n\t\t\t\t<div class=\"elementor-element elementor-element-e992b52 elementor-align-left elementor-widget elementor-widget-button\" data-id=\"e992b52\" data-element_type=\"widget\" data-e-type=\"widget\" data-widget_type=\"button.default\">\n\t\t\t\t<div class=\"elementor-widget-container\">\n\t\t\t\t\t\t\t\t\t<div class=\"elementor-button-wrapper\">\n\t\t\t\t\t<a class=\"elementor-button elementor-button-link elementor-size-sm\" href=\"https:\/\/guidesi.ch\/de\/lugano-und-umgebung\/\">\n\t\t\t\t\t\t<span class=\"elementor-button-content-wrapper\">\n\t\t\t\t\t\t\t\t\t<span class=\"elementor-button-text\">mehr<\/span>\n\t\t\t\t\t<\/span>\n\t\t\t\t\t<\/a>\n\t\t\t\t<\/div>\n\t\t\t\t\t\t\t\t<\/div>\n\t\t\t\t<\/div>\n\t\t\t\t<\/div>\n\t\t\t\t\t<\/div>\n\t\t\t\t<\/div>\n\t\t<div class=\"elementor-element elementor-element-d1d6b69 e-flex e-con-boxed e-con e-parent\" data-id=\"d1d6b69\" data-element_type=\"container\" data-e-type=\"container\">\n\t\t\t\t\t<div class=\"e-con-inner\">\n\t\t<div class=\"elementor-element elementor-element-1a0afae e-con-full e-flex e-con e-child\" data-id=\"1a0afae\" data-element_type=\"container\" data-e-type=\"container\">\n\t\t\t\t<div class=\"elementor-element elementor-element-65b41d5 elementor-widget elementor-widget-image\" data-id=\"65b41d5\" data-element_type=\"widget\" data-e-type=\"widget\" data-widget_type=\"image.default\">\n\t\t\t\t<div class=\"elementor-widget-container\">\n\t\t\t\t\t\t\t\t\t\t\t\t\t\t\t<img loading=\"lazy\" decoding=\"async\" width=\"1000\" height=\"350\" src=\"https:\/\/guidesi.ch\/2023\/wp-content\/uploads\/2023\/09\/04-territori_mendrisio_vigneti_1000x350.jpg\" class=\"attachment-large size-large wp-image-573\" alt=\"\" srcset=\"https:\/\/guidesi.ch\/2023\/wp-content\/uploads\/2023\/09\/04-territori_mendrisio_vigneti_1000x350.jpg 1000w, https:\/\/guidesi.ch\/2023\/wp-content\/uploads\/2023\/09\/04-territori_mendrisio_vigneti_1000x350-300x105.jpg 300w, https:\/\/guidesi.ch\/2023\/wp-content\/uploads\/2023\/09\/04-territori_mendrisio_vigneti_1000x350-768x269.jpg 768w\" sizes=\"(max-width: 1000px) 100vw, 1000px\" \/>\t\t\t\t\t\t\t\t\t\t\t\t\t\t\t<\/div>\n\t\t\t\t<\/div>\n\t\t\t\t<\/div>\n\t\t<div class=\"elementor-element elementor-element-84014ff e-con-full e-flex e-con e-child\" data-id=\"84014ff\" data-element_type=\"container\" data-e-type=\"container\">\n\t\t\t\t<div class=\"elementor-element elementor-element-977dbce elementor-widget elementor-widget-heading\" data-id=\"977dbce\" data-element_type=\"widget\" data-e-type=\"widget\" data-widget_type=\"heading.default\">\n\t\t\t\t<div class=\"elementor-widget-container\">\n\t\t\t\t\t<h2 class=\"elementor-heading-title elementor-size-default\">MENDRISIO UND UMGEBUNG<\/h2>\t\t\t\t<\/div>\n\t\t\t\t<\/div>\n\t\t\t\t<div class=\"elementor-element elementor-element-28c4647 elementor-widget elementor-widget-text-editor\" data-id=\"28c4647\" data-element_type=\"widget\" data-e-type=\"widget\" data-widget_type=\"text-editor.default\">\n\t\t\t\t<div class=\"elementor-widget-container\">\n\t\t\t\t\t\t\t\t\t<p>Offenes Fenster an der Grenze zu Italien, eine h\u00fcgelige Landschaft, wo der Wein, das Essen, die Kunst und die Traditionen sich harmonisch erg\u00e4nzen.<\/p>\n\t\t\t\t\t\t\t\t<\/div>\n\t\t\t\t<\/div>\n\t\t\t\t<div class=\"elementor-element elementor-element-8ca5730 elementor-align-left elementor-widget elementor-widget-button\" data-id=\"8ca5730\" data-element_type=\"widget\" data-e-type=\"widget\" data-widget_type=\"button.default\">\n\t\t\t\t<div class=\"elementor-widget-container\">\n\t\t\t\t\t\t\t\t\t<div class=\"elementor-button-wrapper\">\n\t\t\t\t\t<a class=\"elementor-button elementor-button-link elementor-size-sm\" href=\"https:\/\/guidesi.ch\/de\/mendrisio-und-umgebung\/\">\n\t\t\t\t\t\t<span class=\"elementor-button-content-wrapper\">\n\t\t\t\t\t\t\t\t\t<span class=\"elementor-button-text\">mehr<\/span>\n\t\t\t\t\t<\/span>\n\t\t\t\t\t<\/a>\n\t\t\t\t<\/div>\n\t\t\t\t\t\t\t\t<\/div>\n\t\t\t\t<\/div>\n\t\t\t\t<\/div>\n\t\t\t\t\t<\/div>\n\t\t\t\t<\/div>\n\t\t<div class=\"elementor-element elementor-element-8276d17 e-flex e-con-boxed e-con e-parent\" data-id=\"8276d17\" data-element_type=\"container\" data-e-type=\"container\">\n\t\t\t\t\t<div class=\"e-con-inner\">\n\t\t<div class=\"elementor-element elementor-element-57ceb79 e-con-full e-flex e-con e-child\" data-id=\"57ceb79\" data-element_type=\"container\" data-e-type=\"container\">\n\t\t\t\t<div class=\"elementor-element elementor-element-41a2352 elementor-widget elementor-widget-image\" data-id=\"41a2352\" data-element_type=\"widget\" data-e-type=\"widget\" data-widget_type=\"image.default\">\n\t\t\t\t<div class=\"elementor-widget-container\">\n\t\t\t\t\t\t\t\t\t\t\t\t\t\t\t<img loading=\"lazy\" decoding=\"async\" width=\"1000\" height=\"350\" src=\"https:\/\/guidesi.ch\/2023\/wp-content\/uploads\/2023\/09\/05-valli_bavona_1000x350.jpg\" class=\"attachment-large size-large wp-image-574\" alt=\"\" srcset=\"https:\/\/guidesi.ch\/2023\/wp-content\/uploads\/2023\/09\/05-valli_bavona_1000x350.jpg 1000w, https:\/\/guidesi.ch\/2023\/wp-content\/uploads\/2023\/09\/05-valli_bavona_1000x350-300x105.jpg 300w, https:\/\/guidesi.ch\/2023\/wp-content\/uploads\/2023\/09\/05-valli_bavona_1000x350-768x269.jpg 768w\" sizes=\"(max-width: 1000px) 100vw, 1000px\" \/>\t\t\t\t\t\t\t\t\t\t\t\t\t\t\t<\/div>\n\t\t\t\t<\/div>\n\t\t\t\t<\/div>\n\t\t<div class=\"elementor-element elementor-element-e900d9f e-con-full e-flex e-con e-child\" data-id=\"e900d9f\" data-element_type=\"container\" data-e-type=\"container\">\n\t\t\t\t<div class=\"elementor-element elementor-element-65d0e59 elementor-widget elementor-widget-heading\" data-id=\"65d0e59\" data-element_type=\"widget\" data-e-type=\"widget\" data-widget_type=\"heading.default\">\n\t\t\t\t<div class=\"elementor-widget-container\">\n\t\t\t\t\t<h2 class=\"elementor-heading-title elementor-size-default\">ALPENT\u00c4LER<\/h2>\t\t\t\t<\/div>\n\t\t\t\t<\/div>\n\t\t\t\t<div class=\"elementor-element elementor-element-d346aeb elementor-widget elementor-widget-text-editor\" data-id=\"d346aeb\" data-element_type=\"widget\" data-e-type=\"widget\" data-widget_type=\"text-editor.default\">\n\t\t\t\t<div class=\"elementor-widget-container\">\n\t\t\t\t\t\t\t\t\t<p>Eingebettet zwischen den steilen H\u00e4ngen der Alpen, Sch\u00e4tze aus Kunst, Kultur und Traditionen. Kleine D\u00f6rfer, Fl\u00fcsse aus smaragdgr\u00fcnen Wasser, unber\u00fchrte Natur. <\/p>\n\t\t\t\t\t\t\t\t<\/div>\n\t\t\t\t<\/div>\n\t\t\t\t<div class=\"elementor-element elementor-element-6df9361 elementor-align-left elementor-widget elementor-widget-button\" data-id=\"6df9361\" data-element_type=\"widget\" data-e-type=\"widget\" data-widget_type=\"button.default\">\n\t\t\t\t<div class=\"elementor-widget-container\">\n\t\t\t\t\t\t\t\t\t<div class=\"elementor-button-wrapper\">\n\t\t\t\t\t<a class=\"elementor-button elementor-button-link elementor-size-sm\" href=\"https:\/\/guidesi.ch\/de\/alpentaeler\/\">\n\t\t\t\t\t\t<span class=\"elementor-button-content-wrapper\">\n\t\t\t\t\t\t\t\t\t<span class=\"elementor-button-text\">mehr<\/span>\n\t\t\t\t\t<\/span>\n\t\t\t\t\t<\/a>\n\t\t\t\t<\/div>\n\t\t\t\t\t\t\t\t<\/div>\n\t\t\t\t<\/div>\n\t\t\t\t<\/div>\n\t\t\t\t\t<\/div>\n\t\t\t\t<\/div>\n\t\t<div class=\"elementor-element elementor-element-7d8869a e-flex e-con-boxed e-con e-parent\" data-id=\"7d8869a\" data-element_type=\"container\" data-e-type=\"container\">\n\t\t\t\t\t<div class=\"e-con-inner\">\n\t\t<div class=\"elementor-element elementor-element-b60e96f e-con-full e-flex e-con e-child\" data-id=\"b60e96f\" data-element_type=\"container\" data-e-type=\"container\">\n\t\t\t\t<div class=\"elementor-element elementor-element-c267701 elementor-widget elementor-widget-image\" data-id=\"c267701\" data-element_type=\"widget\" data-e-type=\"widget\" data-widget_type=\"image.default\">\n\t\t\t\t<div class=\"elementor-widget-container\">\n\t\t\t\t\t\t\t\t\t\t\t\t\t\t\t<img loading=\"lazy\" decoding=\"async\" width=\"1000\" height=\"350\" src=\"https:\/\/guidesi.ch\/2023\/wp-content\/uploads\/2023\/09\/1000x350_territorio_bellinzona_castelgrande_notte.jpg\" class=\"attachment-large size-large wp-image-1351\" alt=\"\" srcset=\"https:\/\/guidesi.ch\/2023\/wp-content\/uploads\/2023\/09\/1000x350_territorio_bellinzona_castelgrande_notte.jpg 1000w, https:\/\/guidesi.ch\/2023\/wp-content\/uploads\/2023\/09\/1000x350_territorio_bellinzona_castelgrande_notte-300x105.jpg 300w, https:\/\/guidesi.ch\/2023\/wp-content\/uploads\/2023\/09\/1000x350_territorio_bellinzona_castelgrande_notte-768x269.jpg 768w\" sizes=\"(max-width: 1000px) 100vw, 1000px\" \/>\t\t\t\t\t\t\t\t\t\t\t\t\t\t\t<\/div>\n\t\t\t\t<\/div>\n\t\t\t\t<\/div>\n\t\t<div class=\"elementor-element elementor-element-b10caf8 e-con-full e-flex e-con e-child\" data-id=\"b10caf8\" data-element_type=\"container\" data-e-type=\"container\">\n\t\t\t\t<div class=\"elementor-element elementor-element-7e286a1 elementor-widget elementor-widget-heading\" data-id=\"7e286a1\" data-element_type=\"widget\" data-e-type=\"widget\" data-widget_type=\"heading.default\">\n\t\t\t\t<div class=\"elementor-widget-container\">\n\t\t\t\t\t<h2 class=\"elementor-heading-title elementor-size-default\">UNESCO \u00d6RTE<\/h2>\t\t\t\t<\/div>\n\t\t\t\t<\/div>\n\t\t\t\t<div class=\"elementor-element elementor-element-6cae574 elementor-widget elementor-widget-text-editor\" data-id=\"6cae574\" data-element_type=\"widget\" data-e-type=\"widget\" data-widget_type=\"text-editor.default\">\n\t\t\t\t<div class=\"elementor-widget-container\">\n\t\t\t\t\t\t\t\t\t<p>Die wundersch\u00f6nen Burgen von Bellinzona, Protagonisten der Geschichte unserer Region; der Monte San Giorgio, pal\u00e4ontologische Fundst\u00e4tte von unsch\u00e4tzbarem Wert; die Prozessionen der Karwoche in Mendrisio, ein ereignis von Geschichte und Tradition.<\/p>\n\t\t\t\t\t\t\t\t<\/div>\n\t\t\t\t<\/div>\n\t\t\t\t<div class=\"elementor-element elementor-element-0e1b481 elementor-align-left elementor-widget elementor-widget-button\" data-id=\"0e1b481\" data-element_type=\"widget\" data-e-type=\"widget\" data-widget_type=\"button.default\">\n\t\t\t\t<div class=\"elementor-widget-container\">\n\t\t\t\t\t\t\t\t\t<div class=\"elementor-button-wrapper\">\n\t\t\t\t\t<a class=\"elementor-button elementor-button-link elementor-size-sm\" href=\"https:\/\/guidesi.ch\/de\/unescos-orte\/\">\n\t\t\t\t\t\t<span class=\"elementor-button-content-wrapper\">\n\t\t\t\t\t\t\t\t\t<span class=\"elementor-button-text\">mehr<\/span>\n\t\t\t\t\t<\/span>\n\t\t\t\t\t<\/a>\n\t\t\t\t<\/div>\n\t\t\t\t\t\t\t\t<\/div>\n\t\t\t\t<\/div>\n\t\t\t\t<\/div>\n\t\t\t\t\t<\/div>\n\t\t\t\t<\/div>\n\t\t\t\t<\/div>\n\t\t","protected":false},"excerpt":{"rendered":"<p>DAS GEBIET DER ITALIENISCHSPR\u00c4CHIGEN SCHWEIZ Das Tessin sowie das Misox, im Kanton Graub\u00fcnden, geh\u00f6ren zur italienischen Schweiz. Diese au\u00dfergew\u00f6hnlichen und noch relativ unerforschten Gebiete sind voller Sch\u00e4tze. Ein Kaleidoskop von nat\u00fcrlichen Sch\u00f6nheiten, Geschichte, Kultur, Traditionen und nicht zuletzt Gastronomie. Von der spektakul\u00e4ren Alpenkette an der Grenze mit der deutschsprachigen Schweiz zum milden mediterranen Klima bei [&hellip;]<\/p>\n","protected":false},"author":1,"featured_media":0,"parent":0,"menu_order":0,"comment_status":"closed","ping_status":"closed","template":"","meta":{"site-sidebar-layout":"no-sidebar","site-content-layout":"","ast-site-content-layout":"default","site-content-style":"default","site-sidebar-style":"default","ast-global-header-display":"","ast-banner-title-visibility":"","ast-main-header-display":"","ast-hfb-above-header-display":"","ast-hfb-below-header-display":"","ast-hfb-mobile-header-display":"","site-post-title":"disabled","ast-breadcrumbs-content":"","ast-featured-img":"disabled","footer-sml-layout":"","ast-disable-related-posts":"","theme-transparent-header-meta":"","adv-header-id-meta":"","stick-header-meta":"","header-above-stick-meta":"","header-main-stick-meta":"","header-below-stick-meta":"","astra-migrate-meta-layouts":"default","ast-page-background-enabled":"default","ast-page-background-meta":{"desktop":{"background-color":"var(--ast-global-color-4)","background-image":"","background-repeat":"repeat","background-position":"center center","background-size":"auto","background-attachment":"scroll","background-type":"","background-media":"","overlay-type":"","overlay-color":"","overlay-opacity":"","overlay-gradient":""},"tablet":{"background-color":"","background-image":"","background-repeat":"repeat","background-position":"center center","background-size":"auto","background-attachment":"scroll","background-type":"","background-media":"","overlay-type":"","overlay-color":"","overlay-opacity":"","overlay-gradient":""},"mobile":{"background-color":"","background-image":"","background-repeat":"repeat","background-position":"center center","background-size":"auto","background-attachment":"scroll","background-type":"","background-media":"","overlay-type":"","overlay-color":"","overlay-opacity":"","overlay-gradient":""}},"ast-content-background-meta":{"desktop":{"background-color":"var(--ast-global-color-5)","background-image":"","background-repeat":"repeat","background-position":"center center","background-size":"auto","background-attachment":"scroll","background-type":"","background-media":"","overlay-type":"","overlay-color":"","overlay-opacity":"","overlay-gradient":""},"tablet":{"background-color":"var(--ast-global-color-5)","background-image":"","background-repeat":"repeat","background-position":"center center","background-size":"auto","background-attachment":"scroll","background-type":"","background-media":"","overlay-type":"","overlay-color":"","overlay-opacity":"","overlay-gradient":""},"mobile":{"background-color":"var(--ast-global-color-5)","background-image":"","background-repeat":"repeat","background-position":"center center","background-size":"auto","background-attachment":"scroll","background-type":"","background-media":"","overlay-type":"","overlay-color":"","overlay-opacity":"","overlay-gradient":""}},"footnotes":""},"class_list":["post-1363","page","type-page","status-publish","hentry"],"yoast_head":"<!-- This site is optimized with the Yoast SEO plugin v27.4 - https:\/\/yoast.com\/product\/yoast-seo-wordpress\/ -->\n<title>Il territorio della Svizzera Italiana, Ticino e Mesolcina<\/title>\n<meta name=\"description\" content=\"Svizzera Italiana, Ticino e Mesolcina. Visite guidate ed escursioni a Lugano, Locarno, Bellinzona, Mendrisio e dintorni, ai siti UNESCO svizzeri e nelle valli alpine.\" \/>\n<meta name=\"robots\" content=\"index, follow, max-snippet:-1, max-image-preview:large, max-video-preview:-1\" \/>\n<link rel=\"canonical\" href=\"https:\/\/guidesi.ch\/territorio\/\" \/>\n<meta property=\"og:locale\" content=\"de_DE\" \/>\n<meta property=\"og:type\" content=\"article\" \/>\n<meta property=\"og:title\" content=\"Il territorio della Svizzera Italiana, Ticino e Mesolcina\" \/>\n<meta property=\"og:description\" content=\"Svizzera Italiana, Ticino e Mesolcina. Visite guidate ed escursioni a Lugano, Locarno, Bellinzona, Mendrisio e dintorni, ai siti UNESCO svizzeri e nelle valli alpine.\" \/>\n<meta property=\"og:url\" content=\"https:\/\/guidesi.ch\/territorio\/\" \/>\n<meta property=\"og:site_name\" content=\"GuideSi\" \/>\n<meta property=\"article:modified_time\" content=\"2023-09-27T10:43:56+00:00\" \/>\n<meta property=\"og:image\" content=\"https:\/\/guidesi.ch\/2023\/wp-content\/uploads\/2023\/09\/01-territori_bellinzona_castelgrande1000x350.jpg\" \/>\n<meta name=\"twitter:card\" content=\"summary_large_image\" \/>\n<meta name=\"twitter:label1\" content=\"Gesch\u00e4tzte Lesezeit\" \/>\n\t<meta name=\"twitter:data1\" content=\"2\u00a0Minuten\" \/>\n<script type=\"application\/ld+json\" class=\"yoast-schema-graph\">{\"@context\":\"https:\\\/\\\/schema.org\",\"@graph\":[{\"@type\":\"WebPage\",\"@id\":\"https:\\\/\\\/guidesi.ch\\\/territorio\\\/\",\"url\":\"https:\\\/\\\/guidesi.ch\\\/territorio\\\/\",\"name\":\"Il territorio della Svizzera Italiana, Ticino e Mesolcina\",\"isPartOf\":{\"@id\":\"https:\\\/\\\/guidesi.ch\\\/#website\"},\"primaryImageOfPage\":{\"@id\":\"https:\\\/\\\/guidesi.ch\\\/territorio\\\/#primaryimage\"},\"image\":{\"@id\":\"https:\\\/\\\/guidesi.ch\\\/territorio\\\/#primaryimage\"},\"thumbnailUrl\":\"https:\\\/\\\/guidesi.ch\\\/2023\\\/wp-content\\\/uploads\\\/2023\\\/09\\\/01-territori_bellinzona_castelgrande1000x350.jpg\",\"datePublished\":\"2023-09-22T11:24:41+00:00\",\"dateModified\":\"2023-09-27T10:43:56+00:00\",\"description\":\"Svizzera Italiana, Ticino e Mesolcina. Visite guidate ed escursioni a Lugano, Locarno, Bellinzona, Mendrisio e dintorni, ai siti UNESCO svizzeri e nelle valli alpine.\",\"breadcrumb\":{\"@id\":\"https:\\\/\\\/guidesi.ch\\\/territorio\\\/#breadcrumb\"},\"inLanguage\":\"de\",\"potentialAction\":[{\"@type\":\"ReadAction\",\"target\":[\"https:\\\/\\\/guidesi.ch\\\/territorio\\\/\"]}]},{\"@type\":\"ImageObject\",\"inLanguage\":\"de\",\"@id\":\"https:\\\/\\\/guidesi.ch\\\/territorio\\\/#primaryimage\",\"url\":\"https:\\\/\\\/guidesi.ch\\\/2023\\\/wp-content\\\/uploads\\\/2023\\\/09\\\/01-territori_bellinzona_castelgrande1000x350.jpg\",\"contentUrl\":\"https:\\\/\\\/guidesi.ch\\\/2023\\\/wp-content\\\/uploads\\\/2023\\\/09\\\/01-territori_bellinzona_castelgrande1000x350.jpg\"},{\"@type\":\"BreadcrumbList\",\"@id\":\"https:\\\/\\\/guidesi.ch\\\/territorio\\\/#breadcrumb\",\"itemListElement\":[{\"@type\":\"ListItem\",\"position\":1,\"name\":\"Home\",\"item\":\"https:\\\/\\\/guidesi.ch\\\/\"},{\"@type\":\"ListItem\",\"position\":2,\"name\":\"Gebiet\"}]},{\"@type\":\"WebSite\",\"@id\":\"https:\\\/\\\/guidesi.ch\\\/#website\",\"url\":\"https:\\\/\\\/guidesi.ch\\\/\",\"name\":\"GuideSi\",\"description\":\"Guide Turistiche della Svizzera Italiana\",\"publisher\":{\"@id\":\"https:\\\/\\\/guidesi.ch\\\/#organization\"},\"potentialAction\":[{\"@type\":\"SearchAction\",\"target\":{\"@type\":\"EntryPoint\",\"urlTemplate\":\"https:\\\/\\\/guidesi.ch\\\/?s={search_term_string}\"},\"query-input\":{\"@type\":\"PropertyValueSpecification\",\"valueRequired\":true,\"valueName\":\"search_term_string\"}}],\"inLanguage\":\"de\"},{\"@type\":\"Organization\",\"@id\":\"https:\\\/\\\/guidesi.ch\\\/#organization\",\"name\":\"GuideSi\",\"url\":\"https:\\\/\\\/guidesi.ch\\\/\",\"logo\":{\"@type\":\"ImageObject\",\"inLanguage\":\"de\",\"@id\":\"https:\\\/\\\/guidesi.ch\\\/#\\\/schema\\\/logo\\\/image\\\/\",\"url\":\"https:\\\/\\\/guidesi.ch\\\/2023\\\/wp-content\\\/uploads\\\/2023\\\/09\\\/400x120_guidesi_logo.png\",\"contentUrl\":\"https:\\\/\\\/guidesi.ch\\\/2023\\\/wp-content\\\/uploads\\\/2023\\\/09\\\/400x120_guidesi_logo.png\",\"width\":400,\"height\":120,\"caption\":\"GuideSi\"},\"image\":{\"@id\":\"https:\\\/\\\/guidesi.ch\\\/#\\\/schema\\\/logo\\\/image\\\/\"}}]}<\/script>\n<!-- \/ Yoast SEO plugin. -->","yoast_head_json":{"title":"Il territorio della Svizzera Italiana, Ticino e Mesolcina","description":"Svizzera Italiana, Ticino e Mesolcina. Visite guidate ed escursioni a Lugano, Locarno, Bellinzona, Mendrisio e dintorni, ai siti UNESCO svizzeri e nelle valli alpine.","robots":{"index":"index","follow":"follow","max-snippet":"max-snippet:-1","max-image-preview":"max-image-preview:large","max-video-preview":"max-video-preview:-1"},"canonical":"https:\/\/guidesi.ch\/territorio\/","og_locale":"de_DE","og_type":"article","og_title":"Il territorio della Svizzera Italiana, Ticino e Mesolcina","og_description":"Svizzera Italiana, Ticino e Mesolcina. Visite guidate ed escursioni a Lugano, Locarno, Bellinzona, Mendrisio e dintorni, ai siti UNESCO svizzeri e nelle valli alpine.","og_url":"https:\/\/guidesi.ch\/territorio\/","og_site_name":"GuideSi","article_modified_time":"2023-09-27T10:43:56+00:00","og_image":[{"url":"https:\/\/guidesi.ch\/2023\/wp-content\/uploads\/2023\/09\/01-territori_bellinzona_castelgrande1000x350.jpg","type":"","width":"","height":""}],"twitter_card":"summary_large_image","twitter_misc":{"Gesch\u00e4tzte Lesezeit":"2\u00a0Minuten"},"schema":{"@context":"https:\/\/schema.org","@graph":[{"@type":"WebPage","@id":"https:\/\/guidesi.ch\/territorio\/","url":"https:\/\/guidesi.ch\/territorio\/","name":"Il territorio della Svizzera Italiana, Ticino e Mesolcina","isPartOf":{"@id":"https:\/\/guidesi.ch\/#website"},"primaryImageOfPage":{"@id":"https:\/\/guidesi.ch\/territorio\/#primaryimage"},"image":{"@id":"https:\/\/guidesi.ch\/territorio\/#primaryimage"},"thumbnailUrl":"https:\/\/guidesi.ch\/2023\/wp-content\/uploads\/2023\/09\/01-territori_bellinzona_castelgrande1000x350.jpg","datePublished":"2023-09-22T11:24:41+00:00","dateModified":"2023-09-27T10:43:56+00:00","description":"Svizzera Italiana, Ticino e Mesolcina. Visite guidate ed escursioni a Lugano, Locarno, Bellinzona, Mendrisio e dintorni, ai siti UNESCO svizzeri e nelle valli alpine.","breadcrumb":{"@id":"https:\/\/guidesi.ch\/territorio\/#breadcrumb"},"inLanguage":"de","potentialAction":[{"@type":"ReadAction","target":["https:\/\/guidesi.ch\/territorio\/"]}]},{"@type":"ImageObject","inLanguage":"de","@id":"https:\/\/guidesi.ch\/territorio\/#primaryimage","url":"https:\/\/guidesi.ch\/2023\/wp-content\/uploads\/2023\/09\/01-territori_bellinzona_castelgrande1000x350.jpg","contentUrl":"https:\/\/guidesi.ch\/2023\/wp-content\/uploads\/2023\/09\/01-territori_bellinzona_castelgrande1000x350.jpg"},{"@type":"BreadcrumbList","@id":"https:\/\/guidesi.ch\/territorio\/#breadcrumb","itemListElement":[{"@type":"ListItem","position":1,"name":"Home","item":"https:\/\/guidesi.ch\/"},{"@type":"ListItem","position":2,"name":"Gebiet"}]},{"@type":"WebSite","@id":"https:\/\/guidesi.ch\/#website","url":"https:\/\/guidesi.ch\/","name":"GuideSi","description":"Guide Turistiche della Svizzera Italiana","publisher":{"@id":"https:\/\/guidesi.ch\/#organization"},"potentialAction":[{"@type":"SearchAction","target":{"@type":"EntryPoint","urlTemplate":"https:\/\/guidesi.ch\/?s={search_term_string}"},"query-input":{"@type":"PropertyValueSpecification","valueRequired":true,"valueName":"search_term_string"}}],"inLanguage":"de"},{"@type":"Organization","@id":"https:\/\/guidesi.ch\/#organization","name":"GuideSi","url":"https:\/\/guidesi.ch\/","logo":{"@type":"ImageObject","inLanguage":"de","@id":"https:\/\/guidesi.ch\/#\/schema\/logo\/image\/","url":"https:\/\/guidesi.ch\/2023\/wp-content\/uploads\/2023\/09\/400x120_guidesi_logo.png","contentUrl":"https:\/\/guidesi.ch\/2023\/wp-content\/uploads\/2023\/09\/400x120_guidesi_logo.png","width":400,"height":120,"caption":"GuideSi"},"image":{"@id":"https:\/\/guidesi.ch\/#\/schema\/logo\/image\/"}}]}},"_links":{"self":[{"href":"https:\/\/guidesi.ch\/de\/wp-json\/wp\/v2\/pages\/1363","targetHints":{"allow":["GET"]}}],"collection":[{"href":"https:\/\/guidesi.ch\/de\/wp-json\/wp\/v2\/pages"}],"about":[{"href":"https:\/\/guidesi.ch\/de\/wp-json\/wp\/v2\/types\/page"}],"author":[{"embeddable":true,"href":"https:\/\/guidesi.ch\/de\/wp-json\/wp\/v2\/users\/1"}],"replies":[{"embeddable":true,"href":"https:\/\/guidesi.ch\/de\/wp-json\/wp\/v2\/comments?post=1363"}],"version-history":[{"count":6,"href":"https:\/\/guidesi.ch\/de\/wp-json\/wp\/v2\/pages\/1363\/revisions"}],"predecessor-version":[{"id":3584,"href":"https:\/\/guidesi.ch\/de\/wp-json\/wp\/v2\/pages\/1363\/revisions\/3584"}],"wp:attachment":[{"href":"https:\/\/guidesi.ch\/de\/wp-json\/wp\/v2\/media?parent=1363"}],"curies":[{"name":"wp","href":"https:\/\/api.w.org\/{rel}","templated":true}]}}