{"id":1361,"date":"2023-09-22T11:24:41","date_gmt":"2023-09-22T11:24:41","guid":{"rendered":"https:\/\/guidesi.ch\/2023\/territoire\/"},"modified":"2023-09-27T10:43:58","modified_gmt":"2023-09-27T10:43:58","slug":"territoire","status":"publish","type":"page","link":"https:\/\/guidesi.ch\/fr\/territoire\/","title":{"rendered":"Territoire"},"content":{"rendered":"\t\t<div data-elementor-type=\"wp-page\" data-elementor-id=\"1361\" class=\"elementor elementor-1361 elementor-1339\" data-elementor-post-type=\"page\">\n\t\t\t\t<div class=\"elementor-element elementor-element-9ca5eea e-flex e-con-boxed e-con e-parent\" data-id=\"9ca5eea\" data-element_type=\"container\" data-e-type=\"container\">\n\t\t\t\t\t<div class=\"e-con-inner\">\n\t\t\t\t<div class=\"elementor-element elementor-element-6802c6d elementor-widget elementor-widget-heading\" data-id=\"6802c6d\" data-element_type=\"widget\" data-e-type=\"widget\" data-widget_type=\"heading.default\">\n\t\t\t\t<div class=\"elementor-widget-container\">\n\t\t\t\t\t<h2 class=\"elementor-heading-title elementor-size-default\">LE TERRITOIRE DE LA SUISSE ITALIENNE<\/h2>\t\t\t\t<\/div>\n\t\t\t\t<\/div>\n\t\t\t\t\t<\/div>\n\t\t\t\t<\/div>\n\t\t<div class=\"elementor-element elementor-element-0db73aa e-flex e-con-boxed e-con e-parent\" data-id=\"0db73aa\" data-element_type=\"container\" data-e-type=\"container\">\n\t\t\t\t\t<div class=\"e-con-inner\">\n\t\t\t\t<div class=\"elementor-element elementor-element-e20cee9 elementor-widget-divider--view-line elementor-widget elementor-widget-divider\" data-id=\"e20cee9\" data-element_type=\"widget\" data-e-type=\"widget\" data-widget_type=\"divider.default\">\n\t\t\t\t<div class=\"elementor-widget-container\">\n\t\t\t\t\t\t\t<div class=\"elementor-divider\">\n\t\t\t<span class=\"elementor-divider-separator\">\n\t\t\t\t\t\t<\/span>\n\t\t<\/div>\n\t\t\t\t\t\t<\/div>\n\t\t\t\t<\/div>\n\t\t\t\t\t<\/div>\n\t\t\t\t<\/div>\n\t\t<div class=\"elementor-element elementor-element-bc00304 e-flex e-con-boxed e-con e-parent\" data-id=\"bc00304\" data-element_type=\"container\" data-e-type=\"container\">\n\t\t\t\t\t<div class=\"e-con-inner\">\n\t\t\t\t<div class=\"elementor-element elementor-element-1ee214e elementor-widget elementor-widget-text-editor\" data-id=\"1ee214e\" data-element_type=\"widget\" data-e-type=\"widget\" data-widget_type=\"text-editor.default\">\n\t\t\t\t<div class=\"elementor-widget-container\">\n\t\t\t\t\t\t\t\t\t<p>La <b>Suisse Italienne,<\/b> comprenant le <b>Tessin<\/b> et la vall\u00e9e de <b>Mesolcina<\/b> dans le canton des Grisons, est un territoire extraordinaire et encore relativement inexplor\u00e9, plein d\u2019inestimables richesses. Un kal\u00e9idoscope de beaut\u00e9s naturelles, histoire, culture et traditions, sans oublier l\u2019\u0153no-gastronomie <\/p>\n<p>De la spectaculaire <b>cha\u00eene des Alpes,<\/b> aux confins de la Suisse Al\u00e9manique, au climat doux et m\u00e9diterran\u00e9en des <b>lacs Majeur<\/b> et de <b>Lugano<\/b> \u00e0 la fronti\u00e8re avec l\u2019Italie, notre r\u00e9gion est un \u00e9quilibre parfait entre la langue et l\u2019ambiance italiennes et l\u2019efficacit\u00e9 suisse!<\/p>\n<p>Ici le climat est plus temp\u00e9r\u00e9 par rapport au reste de la Suisse avec, en moyenne, un nombre bien sup\u00e9rieur de journ\u00e9es ensoleill\u00e9es pendant l\u2019ann\u00e9e.<\/p>\n<p>Le visiteur trouve de tout: un <b>monde naturel, historique et culturel<\/b> riche et g\u00e9n\u00e9reux, une <b>nature intacte<\/b>, des <b>montagnes<\/b>, des rivi\u00e8res \u00e0 l\u2019eau turquoise cristalline, des lacs alpins limpides, des chutes d\u2019eau majestueuses, des <b>vall\u00e9es<\/b> \u00e9loign\u00e9es aux <b>hameaux<\/b> caract\u00e9ristiques. De petites villes et villages cachent de vrais tr\u00e9sors de <b>monuments historiques<\/b> et d\u2019<b>\u0153uvres d\u2019art<\/b> qui refl\u00e8tent les si\u00e8cles d\u2019histoire commune \u00e0 l\u2019Italie et la Suisse. Bien des artistes, po\u00e8tes, philosophes et \u00e9crivains se sont inspir\u00e9s de ce monde, si bien qu\u2019il est souvent devenu leur r\u00e9sidence permanente.  <\/p>\n<p>Le <b>Tessin<\/b> peut se targuer de poss\u00e9der trois des sites du <b>Patrimoine Mondial de l\u2019Unesco<\/b> en Suisse: les merveilleux <b>ch\u00e2teaux de Bellinzone<\/b>, le <b>Mont San Giorgio<\/b>, les <b>Processions de la Semaine Sainte de Mendrisio<\/b>.<\/p>\n<p>Et comme un peu partout, sa <b>gastronomie<\/b> en est une partie int\u00e9grale, avec une cuisine qui va du traditionnel au sophistiqu\u00e9, rigoureusement accompagn\u00e9e de <b>vins<\/b> qui atteignent toujours plus de reconnaissance internationale.<\/p>\n\t\t\t\t\t\t\t\t<\/div>\n\t\t\t\t<\/div>\n\t\t\t\t\t<\/div>\n\t\t\t\t<\/div>\n\t\t<div class=\"elementor-element elementor-element-33e3d2de e-flex e-con-boxed e-con e-parent\" data-id=\"33e3d2de\" data-element_type=\"container\" data-e-type=\"container\">\n\t\t\t\t\t<div class=\"e-con-inner\">\n\t\t<div class=\"elementor-element elementor-element-fb62fb e-con-full e-flex e-con e-child\" data-id=\"fb62fb\" data-element_type=\"container\" data-e-type=\"container\">\n\t\t\t\t<div class=\"elementor-element elementor-element-711b3a57 elementor-widget elementor-widget-image\" data-id=\"711b3a57\" data-element_type=\"widget\" data-e-type=\"widget\" data-widget_type=\"image.default\">\n\t\t\t\t<div class=\"elementor-widget-container\">\n\t\t\t\t\t\t\t\t\t\t\t\t\t\t\t<img fetchpriority=\"high\" decoding=\"async\" width=\"1000\" height=\"350\" src=\"https:\/\/guidesi.ch\/2023\/wp-content\/uploads\/2023\/09\/01-territori_bellinzona_castelgrande1000x350.jpg\" class=\"attachment-large size-large wp-image-554\" alt=\"\" srcset=\"https:\/\/guidesi.ch\/2023\/wp-content\/uploads\/2023\/09\/01-territori_bellinzona_castelgrande1000x350.jpg 1000w, https:\/\/guidesi.ch\/2023\/wp-content\/uploads\/2023\/09\/01-territori_bellinzona_castelgrande1000x350-300x105.jpg 300w, https:\/\/guidesi.ch\/2023\/wp-content\/uploads\/2023\/09\/01-territori_bellinzona_castelgrande1000x350-768x269.jpg 768w\" sizes=\"(max-width: 1000px) 100vw, 1000px\" \/>\t\t\t\t\t\t\t\t\t\t\t\t\t\t\t<\/div>\n\t\t\t\t<\/div>\n\t\t\t\t<\/div>\n\t\t<div class=\"elementor-element elementor-element-4153da08 e-con-full e-flex e-con e-child\" data-id=\"4153da08\" data-element_type=\"container\" data-e-type=\"container\">\n\t\t\t\t<div class=\"elementor-element elementor-element-451e9ecf elementor-widget elementor-widget-heading\" data-id=\"451e9ecf\" data-element_type=\"widget\" data-e-type=\"widget\" data-widget_type=\"heading.default\">\n\t\t\t\t<div class=\"elementor-widget-container\">\n\t\t\t\t\t<h2 class=\"elementor-heading-title elementor-size-default\">BELLINZONE ET ALENTOURS<\/h2>\t\t\t\t<\/div>\n\t\t\t\t<\/div>\n\t\t\t\t<div class=\"elementor-element elementor-element-5184b8bd elementor-widget elementor-widget-text-editor\" data-id=\"5184b8bd\" data-element_type=\"widget\" data-e-type=\"widget\" data-widget_type=\"text-editor.default\">\n\t\t\t\t<div class=\"elementor-widget-container\">\n\t\t\t\t\t\t\t\t\t<p>R\u00e9gion strat\u00e9gique au c\u0153ur de la Suisse italienne, carrefour entre l\u2019histoire, l\u2019art et la culture. Un territoire avec un environnement naturel magnifique.<\/p>\n\t\t\t\t\t\t\t\t<\/div>\n\t\t\t\t<\/div>\n\t\t\t\t<div class=\"elementor-element elementor-element-605103a8 elementor-align-left elementor-widget elementor-widget-button\" data-id=\"605103a8\" data-element_type=\"widget\" data-e-type=\"widget\" data-widget_type=\"button.default\">\n\t\t\t\t<div class=\"elementor-widget-container\">\n\t\t\t\t\t\t\t\t\t<div class=\"elementor-button-wrapper\">\n\t\t\t\t\t<a class=\"elementor-button elementor-button-link elementor-size-sm\" href=\"https:\/\/guidesi.ch\/fr\/visites-a-bellinzona-et-alentours\/\">\n\t\t\t\t\t\t<span class=\"elementor-button-content-wrapper\">\n\t\t\t\t\t\t\t\t\t<span class=\"elementor-button-text\">savoir de plus<\/span>\n\t\t\t\t\t<\/span>\n\t\t\t\t\t<\/a>\n\t\t\t\t<\/div>\n\t\t\t\t\t\t\t\t<\/div>\n\t\t\t\t<\/div>\n\t\t\t\t<\/div>\n\t\t\t\t\t<\/div>\n\t\t\t\t<\/div>\n\t\t<div class=\"elementor-element elementor-element-3f4a0f5 e-flex e-con-boxed e-con e-parent\" data-id=\"3f4a0f5\" data-element_type=\"container\" data-e-type=\"container\">\n\t\t\t\t\t<div class=\"e-con-inner\">\n\t\t<div class=\"elementor-element elementor-element-f471e8c e-con-full e-flex e-con e-child\" data-id=\"f471e8c\" data-element_type=\"container\" data-e-type=\"container\">\n\t\t\t\t<div class=\"elementor-element elementor-element-0106250 elementor-widget elementor-widget-image\" data-id=\"0106250\" data-element_type=\"widget\" data-e-type=\"widget\" data-widget_type=\"image.default\">\n\t\t\t\t<div class=\"elementor-widget-container\">\n\t\t\t\t\t\t\t\t\t\t\t\t\t\t\t<img decoding=\"async\" width=\"1000\" height=\"350\" src=\"https:\/\/guidesi.ch\/2023\/wp-content\/uploads\/2023\/09\/02-territori_locarno_santuario_1000x350.jpg\" class=\"attachment-large size-large wp-image-555\" alt=\"\" srcset=\"https:\/\/guidesi.ch\/2023\/wp-content\/uploads\/2023\/09\/02-territori_locarno_santuario_1000x350.jpg 1000w, https:\/\/guidesi.ch\/2023\/wp-content\/uploads\/2023\/09\/02-territori_locarno_santuario_1000x350-300x105.jpg 300w, https:\/\/guidesi.ch\/2023\/wp-content\/uploads\/2023\/09\/02-territori_locarno_santuario_1000x350-768x269.jpg 768w\" sizes=\"(max-width: 1000px) 100vw, 1000px\" \/>\t\t\t\t\t\t\t\t\t\t\t\t\t\t\t<\/div>\n\t\t\t\t<\/div>\n\t\t\t\t<\/div>\n\t\t<div class=\"elementor-element elementor-element-0d6b1b0 e-con-full e-flex e-con e-child\" data-id=\"0d6b1b0\" data-element_type=\"container\" data-e-type=\"container\">\n\t\t\t\t<div class=\"elementor-element elementor-element-10925e3 elementor-widget elementor-widget-heading\" data-id=\"10925e3\" data-element_type=\"widget\" data-e-type=\"widget\" data-widget_type=\"heading.default\">\n\t\t\t\t<div class=\"elementor-widget-container\">\n\t\t\t\t\t<h2 class=\"elementor-heading-title elementor-size-default\">LOCARNO ET ALENTOURS<\/h2>\t\t\t\t<\/div>\n\t\t\t\t<\/div>\n\t\t\t\t<div class=\"elementor-element elementor-element-35a29e5 elementor-widget elementor-widget-text-editor\" data-id=\"35a29e5\" data-element_type=\"widget\" data-e-type=\"widget\" data-widget_type=\"text-editor.default\">\n\t\t\t\t<div class=\"elementor-widget-container\">\n\t\t\t\t\t\t\t\t\t<p>Montagnes, vues stup\u00e9fiantes, v\u00e9g\u00e9tation exub\u00e9rante, climat medit\u00e9rraneen, una ville joyeuse et vivace au bordo du celebre lab Majeur.<\/p>\n\t\t\t\t\t\t\t\t<\/div>\n\t\t\t\t<\/div>\n\t\t\t\t<div class=\"elementor-element elementor-element-48a35cb elementor-align-left elementor-widget elementor-widget-button\" data-id=\"48a35cb\" data-element_type=\"widget\" data-e-type=\"widget\" data-widget_type=\"button.default\">\n\t\t\t\t<div class=\"elementor-widget-container\">\n\t\t\t\t\t\t\t\t\t<div class=\"elementor-button-wrapper\">\n\t\t\t\t\t<a class=\"elementor-button elementor-button-link elementor-size-sm\" href=\"https:\/\/guidesi.ch\/fr\/locarno-et-alentours\/\">\n\t\t\t\t\t\t<span class=\"elementor-button-content-wrapper\">\n\t\t\t\t\t\t\t\t\t<span class=\"elementor-button-text\">savoir de plus<\/span>\n\t\t\t\t\t<\/span>\n\t\t\t\t\t<\/a>\n\t\t\t\t<\/div>\n\t\t\t\t\t\t\t\t<\/div>\n\t\t\t\t<\/div>\n\t\t\t\t<\/div>\n\t\t\t\t\t<\/div>\n\t\t\t\t<\/div>\n\t\t<div class=\"elementor-element elementor-element-614d7af e-flex e-con-boxed e-con e-parent\" data-id=\"614d7af\" data-element_type=\"container\" data-e-type=\"container\">\n\t\t\t\t\t<div class=\"e-con-inner\">\n\t\t<div class=\"elementor-element elementor-element-38fdd77 e-con-full e-flex e-con e-child\" data-id=\"38fdd77\" data-element_type=\"container\" data-e-type=\"container\">\n\t\t\t\t<div class=\"elementor-element elementor-element-bfe69dc elementor-widget elementor-widget-image\" data-id=\"bfe69dc\" data-element_type=\"widget\" data-e-type=\"widget\" data-widget_type=\"image.default\">\n\t\t\t\t<div class=\"elementor-widget-container\">\n\t\t\t\t\t\t\t\t\t\t\t\t\t\t\t<img decoding=\"async\" width=\"1000\" height=\"350\" src=\"https:\/\/guidesi.ch\/2023\/wp-content\/uploads\/2023\/09\/03-territori_lugano_paradiso_1000x350.jpg\" class=\"attachment-large size-large wp-image-556\" alt=\"\" srcset=\"https:\/\/guidesi.ch\/2023\/wp-content\/uploads\/2023\/09\/03-territori_lugano_paradiso_1000x350.jpg 1000w, https:\/\/guidesi.ch\/2023\/wp-content\/uploads\/2023\/09\/03-territori_lugano_paradiso_1000x350-300x105.jpg 300w, https:\/\/guidesi.ch\/2023\/wp-content\/uploads\/2023\/09\/03-territori_lugano_paradiso_1000x350-768x269.jpg 768w\" sizes=\"(max-width: 1000px) 100vw, 1000px\" \/>\t\t\t\t\t\t\t\t\t\t\t\t\t\t\t<\/div>\n\t\t\t\t<\/div>\n\t\t\t\t<\/div>\n\t\t<div class=\"elementor-element elementor-element-55b0a7a e-con-full e-flex e-con e-child\" data-id=\"55b0a7a\" data-element_type=\"container\" data-e-type=\"container\">\n\t\t\t\t<div class=\"elementor-element elementor-element-db0ffc6 elementor-widget elementor-widget-heading\" data-id=\"db0ffc6\" data-element_type=\"widget\" data-e-type=\"widget\" data-widget_type=\"heading.default\">\n\t\t\t\t<div class=\"elementor-widget-container\">\n\t\t\t\t\t<h2 class=\"elementor-heading-title elementor-size-default\">LUGANO ET ALENTOURS<\/h2>\t\t\t\t<\/div>\n\t\t\t\t<\/div>\n\t\t\t\t<div class=\"elementor-element elementor-element-0f14950 elementor-widget elementor-widget-text-editor\" data-id=\"0f14950\" data-element_type=\"widget\" data-e-type=\"widget\" data-widget_type=\"text-editor.default\">\n\t\t\t\t<div class=\"elementor-widget-container\">\n\t\t\t\t\t\t\t\t\t<p>Une ville fr\u00e9n\u00e9tique \u201c\u00e0 \u00e9chelle humaine\u201d et un paysage naturel qui se reflet sur les eaux du lac de Lugano. Un m\u00e9lange id\u00e9al de moderne et ancien. <\/p>\n\t\t\t\t\t\t\t\t<\/div>\n\t\t\t\t<\/div>\n\t\t\t\t<div class=\"elementor-element elementor-element-e992b52 elementor-align-left elementor-widget elementor-widget-button\" data-id=\"e992b52\" data-element_type=\"widget\" data-e-type=\"widget\" data-widget_type=\"button.default\">\n\t\t\t\t<div class=\"elementor-widget-container\">\n\t\t\t\t\t\t\t\t\t<div class=\"elementor-button-wrapper\">\n\t\t\t\t\t<a class=\"elementor-button elementor-button-link elementor-size-sm\" href=\"https:\/\/guidesi.ch\/fr\/lugano-et-alentours\/\">\n\t\t\t\t\t\t<span class=\"elementor-button-content-wrapper\">\n\t\t\t\t\t\t\t\t\t<span class=\"elementor-button-text\">savoir de plus<\/span>\n\t\t\t\t\t<\/span>\n\t\t\t\t\t<\/a>\n\t\t\t\t<\/div>\n\t\t\t\t\t\t\t\t<\/div>\n\t\t\t\t<\/div>\n\t\t\t\t<\/div>\n\t\t\t\t\t<\/div>\n\t\t\t\t<\/div>\n\t\t<div class=\"elementor-element elementor-element-d1d6b69 e-flex e-con-boxed e-con e-parent\" data-id=\"d1d6b69\" data-element_type=\"container\" data-e-type=\"container\">\n\t\t\t\t\t<div class=\"e-con-inner\">\n\t\t<div class=\"elementor-element elementor-element-1a0afae e-con-full e-flex e-con e-child\" data-id=\"1a0afae\" data-element_type=\"container\" data-e-type=\"container\">\n\t\t\t\t<div class=\"elementor-element elementor-element-65b41d5 elementor-widget elementor-widget-image\" data-id=\"65b41d5\" data-element_type=\"widget\" data-e-type=\"widget\" data-widget_type=\"image.default\">\n\t\t\t\t<div class=\"elementor-widget-container\">\n\t\t\t\t\t\t\t\t\t\t\t\t\t\t\t<img loading=\"lazy\" decoding=\"async\" width=\"1000\" height=\"350\" src=\"https:\/\/guidesi.ch\/2023\/wp-content\/uploads\/2023\/09\/04-territori_mendrisio_vigneti_1000x350.jpg\" class=\"attachment-large size-large wp-image-557\" alt=\"\" srcset=\"https:\/\/guidesi.ch\/2023\/wp-content\/uploads\/2023\/09\/04-territori_mendrisio_vigneti_1000x350.jpg 1000w, https:\/\/guidesi.ch\/2023\/wp-content\/uploads\/2023\/09\/04-territori_mendrisio_vigneti_1000x350-300x105.jpg 300w, https:\/\/guidesi.ch\/2023\/wp-content\/uploads\/2023\/09\/04-territori_mendrisio_vigneti_1000x350-768x269.jpg 768w\" sizes=\"(max-width: 1000px) 100vw, 1000px\" \/>\t\t\t\t\t\t\t\t\t\t\t\t\t\t\t<\/div>\n\t\t\t\t<\/div>\n\t\t\t\t<\/div>\n\t\t<div class=\"elementor-element elementor-element-84014ff e-con-full e-flex e-con e-child\" data-id=\"84014ff\" data-element_type=\"container\" data-e-type=\"container\">\n\t\t\t\t<div class=\"elementor-element elementor-element-977dbce elementor-widget elementor-widget-heading\" data-id=\"977dbce\" data-element_type=\"widget\" data-e-type=\"widget\" data-widget_type=\"heading.default\">\n\t\t\t\t<div class=\"elementor-widget-container\">\n\t\t\t\t\t<h2 class=\"elementor-heading-title elementor-size-default\">MENDRISIO ET ALENTOURS<\/h2>\t\t\t\t<\/div>\n\t\t\t\t<\/div>\n\t\t\t\t<div class=\"elementor-element elementor-element-28c4647 elementor-widget elementor-widget-text-editor\" data-id=\"28c4647\" data-element_type=\"widget\" data-e-type=\"widget\" data-widget_type=\"text-editor.default\">\n\t\t\t\t<div class=\"elementor-widget-container\">\n\t\t\t\t\t\t\t\t\t<p>Fen\u00eatre ouverte vers la frontiere aver l\u2019Italie. Un paysage vallonn\u00e9 o\u00f9 le vin, la gastronomie, l\u2019art et les traditions se compl\u00e8tent harmonieusement.<\/p>\n\t\t\t\t\t\t\t\t<\/div>\n\t\t\t\t<\/div>\n\t\t\t\t<div class=\"elementor-element elementor-element-8ca5730 elementor-align-left elementor-widget elementor-widget-button\" data-id=\"8ca5730\" data-element_type=\"widget\" data-e-type=\"widget\" data-widget_type=\"button.default\">\n\t\t\t\t<div class=\"elementor-widget-container\">\n\t\t\t\t\t\t\t\t\t<div class=\"elementor-button-wrapper\">\n\t\t\t\t\t<a class=\"elementor-button elementor-button-link elementor-size-sm\" href=\"https:\/\/guidesi.ch\/fr\/mendrisio-et-alentours\/\">\n\t\t\t\t\t\t<span class=\"elementor-button-content-wrapper\">\n\t\t\t\t\t\t\t\t\t<span class=\"elementor-button-text\">savoir de plus<\/span>\n\t\t\t\t\t<\/span>\n\t\t\t\t\t<\/a>\n\t\t\t\t<\/div>\n\t\t\t\t\t\t\t\t<\/div>\n\t\t\t\t<\/div>\n\t\t\t\t<\/div>\n\t\t\t\t\t<\/div>\n\t\t\t\t<\/div>\n\t\t<div class=\"elementor-element elementor-element-8276d17 e-flex e-con-boxed e-con e-parent\" data-id=\"8276d17\" data-element_type=\"container\" data-e-type=\"container\">\n\t\t\t\t\t<div class=\"e-con-inner\">\n\t\t<div class=\"elementor-element elementor-element-57ceb79 e-con-full e-flex e-con e-child\" data-id=\"57ceb79\" data-element_type=\"container\" data-e-type=\"container\">\n\t\t\t\t<div class=\"elementor-element elementor-element-41a2352 elementor-widget elementor-widget-image\" data-id=\"41a2352\" data-element_type=\"widget\" data-e-type=\"widget\" data-widget_type=\"image.default\">\n\t\t\t\t<div class=\"elementor-widget-container\">\n\t\t\t\t\t\t\t\t\t\t\t\t\t\t\t<img loading=\"lazy\" decoding=\"async\" width=\"1000\" height=\"350\" src=\"https:\/\/guidesi.ch\/2023\/wp-content\/uploads\/2023\/09\/05-valli_bavona_1000x350.jpg\" class=\"attachment-large size-large wp-image-558\" alt=\"\" srcset=\"https:\/\/guidesi.ch\/2023\/wp-content\/uploads\/2023\/09\/05-valli_bavona_1000x350.jpg 1000w, https:\/\/guidesi.ch\/2023\/wp-content\/uploads\/2023\/09\/05-valli_bavona_1000x350-300x105.jpg 300w, https:\/\/guidesi.ch\/2023\/wp-content\/uploads\/2023\/09\/05-valli_bavona_1000x350-768x269.jpg 768w\" sizes=\"(max-width: 1000px) 100vw, 1000px\" \/>\t\t\t\t\t\t\t\t\t\t\t\t\t\t\t<\/div>\n\t\t\t\t<\/div>\n\t\t\t\t<\/div>\n\t\t<div class=\"elementor-element elementor-element-e900d9f e-con-full e-flex e-con e-child\" data-id=\"e900d9f\" data-element_type=\"container\" data-e-type=\"container\">\n\t\t\t\t<div class=\"elementor-element elementor-element-65d0e59 elementor-widget elementor-widget-heading\" data-id=\"65d0e59\" data-element_type=\"widget\" data-e-type=\"widget\" data-widget_type=\"heading.default\">\n\t\t\t\t<div class=\"elementor-widget-container\">\n\t\t\t\t\t<h2 class=\"elementor-heading-title elementor-size-default\">VALL\u00c9ES ALPINES<\/h2>\t\t\t\t<\/div>\n\t\t\t\t<\/div>\n\t\t\t\t<div class=\"elementor-element elementor-element-d346aeb elementor-widget elementor-widget-text-editor\" data-id=\"d346aeb\" data-element_type=\"widget\" data-e-type=\"widget\" data-widget_type=\"text-editor.default\">\n\t\t\t\t<div class=\"elementor-widget-container\">\n\t\t\t\t\t\t\t\t\t<p>Situ\u00e9es entre les pentes abruptes des Alpes, ces vall\u00e9es alpines sont de v\u00e9ritables coffres d\u2019art, de culture et de traditions. Les petits villages, les rivi\u00e8res claires couleur turquoise, la nature pure. <\/p>\n\t\t\t\t\t\t\t\t<\/div>\n\t\t\t\t<\/div>\n\t\t\t\t<div class=\"elementor-element elementor-element-6df9361 elementor-align-left elementor-widget elementor-widget-button\" data-id=\"6df9361\" data-element_type=\"widget\" data-e-type=\"widget\" data-widget_type=\"button.default\">\n\t\t\t\t<div class=\"elementor-widget-container\">\n\t\t\t\t\t\t\t\t\t<div class=\"elementor-button-wrapper\">\n\t\t\t\t\t<a class=\"elementor-button elementor-button-link elementor-size-sm\" href=\"https:\/\/guidesi.ch\/fr\/vallees-alpines\/\">\n\t\t\t\t\t\t<span class=\"elementor-button-content-wrapper\">\n\t\t\t\t\t\t\t\t\t<span class=\"elementor-button-text\">savoir de plus<\/span>\n\t\t\t\t\t<\/span>\n\t\t\t\t\t<\/a>\n\t\t\t\t<\/div>\n\t\t\t\t\t\t\t\t<\/div>\n\t\t\t\t<\/div>\n\t\t\t\t<\/div>\n\t\t\t\t\t<\/div>\n\t\t\t\t<\/div>\n\t\t<div class=\"elementor-element elementor-element-7d8869a e-flex e-con-boxed e-con e-parent\" data-id=\"7d8869a\" data-element_type=\"container\" data-e-type=\"container\">\n\t\t\t\t\t<div class=\"e-con-inner\">\n\t\t<div class=\"elementor-element elementor-element-b60e96f e-con-full e-flex e-con e-child\" data-id=\"b60e96f\" data-element_type=\"container\" data-e-type=\"container\">\n\t\t\t\t<div class=\"elementor-element elementor-element-c267701 elementor-widget elementor-widget-image\" data-id=\"c267701\" data-element_type=\"widget\" data-e-type=\"widget\" data-widget_type=\"image.default\">\n\t\t\t\t<div class=\"elementor-widget-container\">\n\t\t\t\t\t\t\t\t\t\t\t\t\t\t\t<img loading=\"lazy\" decoding=\"async\" width=\"1000\" height=\"350\" src=\"https:\/\/guidesi.ch\/2023\/wp-content\/uploads\/2023\/09\/1000x350_territorio_bellinzona_castelgrande_notte.jpg\" class=\"attachment-large size-large wp-image-1350\" alt=\"\" srcset=\"https:\/\/guidesi.ch\/2023\/wp-content\/uploads\/2023\/09\/1000x350_territorio_bellinzona_castelgrande_notte.jpg 1000w, https:\/\/guidesi.ch\/2023\/wp-content\/uploads\/2023\/09\/1000x350_territorio_bellinzona_castelgrande_notte-300x105.jpg 300w, https:\/\/guidesi.ch\/2023\/wp-content\/uploads\/2023\/09\/1000x350_territorio_bellinzona_castelgrande_notte-768x269.jpg 768w\" sizes=\"(max-width: 1000px) 100vw, 1000px\" \/>\t\t\t\t\t\t\t\t\t\t\t\t\t\t\t<\/div>\n\t\t\t\t<\/div>\n\t\t\t\t<\/div>\n\t\t<div class=\"elementor-element elementor-element-b10caf8 e-con-full e-flex e-con e-child\" data-id=\"b10caf8\" data-element_type=\"container\" data-e-type=\"container\">\n\t\t\t\t<div class=\"elementor-element elementor-element-7e286a1 elementor-widget elementor-widget-heading\" data-id=\"7e286a1\" data-element_type=\"widget\" data-e-type=\"widget\" data-widget_type=\"heading.default\">\n\t\t\t\t<div class=\"elementor-widget-container\">\n\t\t\t\t\t<h2 class=\"elementor-heading-title elementor-size-default\">SITES UNESCO<\/h2>\t\t\t\t<\/div>\n\t\t\t\t<\/div>\n\t\t\t\t<div class=\"elementor-element elementor-element-6cae574 elementor-widget elementor-widget-text-editor\" data-id=\"6cae574\" data-element_type=\"widget\" data-e-type=\"widget\" data-widget_type=\"text-editor.default\">\n\t\t\t\t<div class=\"elementor-widget-container\">\n\t\t\t\t\t\t\t\t\t<p>Les beaux ch\u00e2teaux de Bellinzone, protagonistes indiscut\u00e9s de l\u2019histoire de notre r\u00e9gion;le Monte San Giorgio, site pal\u00e9ontologique de valeur inestimabile; les Processions de la Semaine Sainte de Mendrisio, un rendez-vous d\u2019histoire et tradition.<\/p>\n\t\t\t\t\t\t\t\t<\/div>\n\t\t\t\t<\/div>\n\t\t\t\t<div class=\"elementor-element elementor-element-0e1b481 elementor-align-left elementor-widget elementor-widget-button\" data-id=\"0e1b481\" data-element_type=\"widget\" data-e-type=\"widget\" data-widget_type=\"button.default\">\n\t\t\t\t<div class=\"elementor-widget-container\">\n\t\t\t\t\t\t\t\t\t<div class=\"elementor-button-wrapper\">\n\t\t\t\t\t<a class=\"elementor-button elementor-button-link elementor-size-sm\" href=\"https:\/\/guidesi.ch\/fr\/sites-de-lunesco\/\">\n\t\t\t\t\t\t<span class=\"elementor-button-content-wrapper\">\n\t\t\t\t\t\t\t\t\t<span class=\"elementor-button-text\">savoir de plus<\/span>\n\t\t\t\t\t<\/span>\n\t\t\t\t\t<\/a>\n\t\t\t\t<\/div>\n\t\t\t\t\t\t\t\t<\/div>\n\t\t\t\t<\/div>\n\t\t\t\t<\/div>\n\t\t\t\t\t<\/div>\n\t\t\t\t<\/div>\n\t\t\t\t<\/div>\n\t\t","protected":false},"excerpt":{"rendered":"<p>LE TERRITOIRE DE LA SUISSE ITALIENNE La Suisse Italienne, comprenant le Tessin et la vall\u00e9e de Mesolcina dans le canton des Grisons, est un territoire extraordinaire et encore relativement inexplor\u00e9, plein d\u2019inestimables richesses. Un kal\u00e9idoscope de beaut\u00e9s naturelles, histoire, culture et traditions, sans oublier l\u2019\u0153no-gastronomie De la spectaculaire cha\u00eene des Alpes, aux confins de la [&hellip;]<\/p>\n","protected":false},"author":1,"featured_media":0,"parent":0,"menu_order":0,"comment_status":"closed","ping_status":"closed","template":"","meta":{"site-sidebar-layout":"no-sidebar","site-content-layout":"","ast-site-content-layout":"default","site-content-style":"default","site-sidebar-style":"default","ast-global-header-display":"","ast-banner-title-visibility":"","ast-main-header-display":"","ast-hfb-above-header-display":"","ast-hfb-below-header-display":"","ast-hfb-mobile-header-display":"","site-post-title":"disabled","ast-breadcrumbs-content":"","ast-featured-img":"disabled","footer-sml-layout":"","ast-disable-related-posts":"","theme-transparent-header-meta":"","adv-header-id-meta":"","stick-header-meta":"","header-above-stick-meta":"","header-main-stick-meta":"","header-below-stick-meta":"","astra-migrate-meta-layouts":"default","ast-page-background-enabled":"default","ast-page-background-meta":{"desktop":{"background-color":"var(--ast-global-color-4)","background-image":"","background-repeat":"repeat","background-position":"center center","background-size":"auto","background-attachment":"scroll","background-type":"","background-media":"","overlay-type":"","overlay-color":"","overlay-opacity":"","overlay-gradient":""},"tablet":{"background-color":"","background-image":"","background-repeat":"repeat","background-position":"center center","background-size":"auto","background-attachment":"scroll","background-type":"","background-media":"","overlay-type":"","overlay-color":"","overlay-opacity":"","overlay-gradient":""},"mobile":{"background-color":"","background-image":"","background-repeat":"repeat","background-position":"center center","background-size":"auto","background-attachment":"scroll","background-type":"","background-media":"","overlay-type":"","overlay-color":"","overlay-opacity":"","overlay-gradient":""}},"ast-content-background-meta":{"desktop":{"background-color":"var(--ast-global-color-5)","background-image":"","background-repeat":"repeat","background-position":"center center","background-size":"auto","background-attachment":"scroll","background-type":"","background-media":"","overlay-type":"","overlay-color":"","overlay-opacity":"","overlay-gradient":""},"tablet":{"background-color":"var(--ast-global-color-5)","background-image":"","background-repeat":"repeat","background-position":"center center","background-size":"auto","background-attachment":"scroll","background-type":"","background-media":"","overlay-type":"","overlay-color":"","overlay-opacity":"","overlay-gradient":""},"mobile":{"background-color":"var(--ast-global-color-5)","background-image":"","background-repeat":"repeat","background-position":"center center","background-size":"auto","background-attachment":"scroll","background-type":"","background-media":"","overlay-type":"","overlay-color":"","overlay-opacity":"","overlay-gradient":""}},"footnotes":""},"class_list":["post-1361","page","type-page","status-publish","hentry"],"yoast_head":"<!-- This site is optimized with the Yoast SEO plugin v27.4 - https:\/\/yoast.com\/product\/yoast-seo-wordpress\/ -->\n<title>Il territorio della Svizzera Italiana, Ticino e Mesolcina<\/title>\n<meta name=\"description\" content=\"Svizzera Italiana, Ticino e Mesolcina. Visite guidate ed escursioni a Lugano, Locarno, Bellinzona, Mendrisio e dintorni, ai siti UNESCO svizzeri e nelle valli alpine.\" \/>\n<meta name=\"robots\" content=\"index, follow, max-snippet:-1, max-image-preview:large, max-video-preview:-1\" \/>\n<link rel=\"canonical\" href=\"https:\/\/guidesi.ch\/fr\/territoire\/\" \/>\n<meta property=\"og:locale\" content=\"fr_FR\" \/>\n<meta property=\"og:type\" content=\"article\" \/>\n<meta property=\"og:title\" content=\"Il territorio della Svizzera Italiana, Ticino e Mesolcina\" \/>\n<meta property=\"og:description\" content=\"Svizzera Italiana, Ticino e Mesolcina. Visite guidate ed escursioni a Lugano, Locarno, Bellinzona, Mendrisio e dintorni, ai siti UNESCO svizzeri e nelle valli alpine.\" \/>\n<meta property=\"og:url\" content=\"https:\/\/guidesi.ch\/fr\/territoire\/\" \/>\n<meta property=\"og:site_name\" content=\"GuideSi\" \/>\n<meta property=\"article:modified_time\" content=\"2023-09-27T10:43:58+00:00\" \/>\n<meta property=\"og:image\" content=\"https:\/\/guidesi.ch\/2023\/wp-content\/uploads\/2023\/09\/01-territori_bellinzona_castelgrande1000x350.jpg\" \/>\n<meta name=\"twitter:card\" content=\"summary_large_image\" \/>\n<meta name=\"twitter:label1\" content=\"Dur\u00e9e de lecture estim\u00e9e\" \/>\n\t<meta name=\"twitter:data1\" content=\"3 minutes\" \/>\n<script type=\"application\/ld+json\" class=\"yoast-schema-graph\">{\"@context\":\"https:\\\/\\\/schema.org\",\"@graph\":[{\"@type\":\"WebPage\",\"@id\":\"https:\\\/\\\/guidesi.ch\\\/fr\\\/territoire\\\/\",\"url\":\"https:\\\/\\\/guidesi.ch\\\/fr\\\/territoire\\\/\",\"name\":\"Il territorio della Svizzera Italiana, Ticino e Mesolcina\",\"isPartOf\":{\"@id\":\"https:\\\/\\\/guidesi.ch\\\/#website\"},\"primaryImageOfPage\":{\"@id\":\"https:\\\/\\\/guidesi.ch\\\/fr\\\/territoire\\\/#primaryimage\"},\"image\":{\"@id\":\"https:\\\/\\\/guidesi.ch\\\/fr\\\/territoire\\\/#primaryimage\"},\"thumbnailUrl\":\"https:\\\/\\\/guidesi.ch\\\/2023\\\/wp-content\\\/uploads\\\/2023\\\/09\\\/01-territori_bellinzona_castelgrande1000x350.jpg\",\"datePublished\":\"2023-09-22T11:24:41+00:00\",\"dateModified\":\"2023-09-27T10:43:58+00:00\",\"description\":\"Svizzera Italiana, Ticino e Mesolcina. Visite guidate ed escursioni a Lugano, Locarno, Bellinzona, Mendrisio e dintorni, ai siti UNESCO svizzeri e nelle valli alpine.\",\"breadcrumb\":{\"@id\":\"https:\\\/\\\/guidesi.ch\\\/fr\\\/territoire\\\/#breadcrumb\"},\"inLanguage\":\"fr-FR\",\"potentialAction\":[{\"@type\":\"ReadAction\",\"target\":[\"https:\\\/\\\/guidesi.ch\\\/fr\\\/territoire\\\/\"]}]},{\"@type\":\"ImageObject\",\"inLanguage\":\"fr-FR\",\"@id\":\"https:\\\/\\\/guidesi.ch\\\/fr\\\/territoire\\\/#primaryimage\",\"url\":\"https:\\\/\\\/guidesi.ch\\\/2023\\\/wp-content\\\/uploads\\\/2023\\\/09\\\/01-territori_bellinzona_castelgrande1000x350.jpg\",\"contentUrl\":\"https:\\\/\\\/guidesi.ch\\\/2023\\\/wp-content\\\/uploads\\\/2023\\\/09\\\/01-territori_bellinzona_castelgrande1000x350.jpg\"},{\"@type\":\"BreadcrumbList\",\"@id\":\"https:\\\/\\\/guidesi.ch\\\/fr\\\/territoire\\\/#breadcrumb\",\"itemListElement\":[{\"@type\":\"ListItem\",\"position\":1,\"name\":\"Home\",\"item\":\"https:\\\/\\\/guidesi.ch\\\/\"},{\"@type\":\"ListItem\",\"position\":2,\"name\":\"Territoire\"}]},{\"@type\":\"WebSite\",\"@id\":\"https:\\\/\\\/guidesi.ch\\\/#website\",\"url\":\"https:\\\/\\\/guidesi.ch\\\/\",\"name\":\"GuideSi\",\"description\":\"Guide Turistiche della Svizzera Italiana\",\"publisher\":{\"@id\":\"https:\\\/\\\/guidesi.ch\\\/#organization\"},\"potentialAction\":[{\"@type\":\"SearchAction\",\"target\":{\"@type\":\"EntryPoint\",\"urlTemplate\":\"https:\\\/\\\/guidesi.ch\\\/?s={search_term_string}\"},\"query-input\":{\"@type\":\"PropertyValueSpecification\",\"valueRequired\":true,\"valueName\":\"search_term_string\"}}],\"inLanguage\":\"fr-FR\"},{\"@type\":\"Organization\",\"@id\":\"https:\\\/\\\/guidesi.ch\\\/#organization\",\"name\":\"GuideSi\",\"url\":\"https:\\\/\\\/guidesi.ch\\\/\",\"logo\":{\"@type\":\"ImageObject\",\"inLanguage\":\"fr-FR\",\"@id\":\"https:\\\/\\\/guidesi.ch\\\/#\\\/schema\\\/logo\\\/image\\\/\",\"url\":\"https:\\\/\\\/guidesi.ch\\\/2023\\\/wp-content\\\/uploads\\\/2023\\\/09\\\/400x120_guidesi_logo.png\",\"contentUrl\":\"https:\\\/\\\/guidesi.ch\\\/2023\\\/wp-content\\\/uploads\\\/2023\\\/09\\\/400x120_guidesi_logo.png\",\"width\":400,\"height\":120,\"caption\":\"GuideSi\"},\"image\":{\"@id\":\"https:\\\/\\\/guidesi.ch\\\/#\\\/schema\\\/logo\\\/image\\\/\"}}]}<\/script>\n<!-- \/ Yoast SEO plugin. -->","yoast_head_json":{"title":"Il territorio della Svizzera Italiana, Ticino e Mesolcina","description":"Svizzera Italiana, Ticino e Mesolcina. Visite guidate ed escursioni a Lugano, Locarno, Bellinzona, Mendrisio e dintorni, ai siti UNESCO svizzeri e nelle valli alpine.","robots":{"index":"index","follow":"follow","max-snippet":"max-snippet:-1","max-image-preview":"max-image-preview:large","max-video-preview":"max-video-preview:-1"},"canonical":"https:\/\/guidesi.ch\/fr\/territoire\/","og_locale":"fr_FR","og_type":"article","og_title":"Il territorio della Svizzera Italiana, Ticino e Mesolcina","og_description":"Svizzera Italiana, Ticino e Mesolcina. Visite guidate ed escursioni a Lugano, Locarno, Bellinzona, Mendrisio e dintorni, ai siti UNESCO svizzeri e nelle valli alpine.","og_url":"https:\/\/guidesi.ch\/fr\/territoire\/","og_site_name":"GuideSi","article_modified_time":"2023-09-27T10:43:58+00:00","og_image":[{"url":"https:\/\/guidesi.ch\/2023\/wp-content\/uploads\/2023\/09\/01-territori_bellinzona_castelgrande1000x350.jpg","type":"","width":"","height":""}],"twitter_card":"summary_large_image","twitter_misc":{"Dur\u00e9e de lecture estim\u00e9e":"3 minutes"},"schema":{"@context":"https:\/\/schema.org","@graph":[{"@type":"WebPage","@id":"https:\/\/guidesi.ch\/fr\/territoire\/","url":"https:\/\/guidesi.ch\/fr\/territoire\/","name":"Il territorio della Svizzera Italiana, Ticino e Mesolcina","isPartOf":{"@id":"https:\/\/guidesi.ch\/#website"},"primaryImageOfPage":{"@id":"https:\/\/guidesi.ch\/fr\/territoire\/#primaryimage"},"image":{"@id":"https:\/\/guidesi.ch\/fr\/territoire\/#primaryimage"},"thumbnailUrl":"https:\/\/guidesi.ch\/2023\/wp-content\/uploads\/2023\/09\/01-territori_bellinzona_castelgrande1000x350.jpg","datePublished":"2023-09-22T11:24:41+00:00","dateModified":"2023-09-27T10:43:58+00:00","description":"Svizzera Italiana, Ticino e Mesolcina. Visite guidate ed escursioni a Lugano, Locarno, Bellinzona, Mendrisio e dintorni, ai siti UNESCO svizzeri e nelle valli alpine.","breadcrumb":{"@id":"https:\/\/guidesi.ch\/fr\/territoire\/#breadcrumb"},"inLanguage":"fr-FR","potentialAction":[{"@type":"ReadAction","target":["https:\/\/guidesi.ch\/fr\/territoire\/"]}]},{"@type":"ImageObject","inLanguage":"fr-FR","@id":"https:\/\/guidesi.ch\/fr\/territoire\/#primaryimage","url":"https:\/\/guidesi.ch\/2023\/wp-content\/uploads\/2023\/09\/01-territori_bellinzona_castelgrande1000x350.jpg","contentUrl":"https:\/\/guidesi.ch\/2023\/wp-content\/uploads\/2023\/09\/01-territori_bellinzona_castelgrande1000x350.jpg"},{"@type":"BreadcrumbList","@id":"https:\/\/guidesi.ch\/fr\/territoire\/#breadcrumb","itemListElement":[{"@type":"ListItem","position":1,"name":"Home","item":"https:\/\/guidesi.ch\/"},{"@type":"ListItem","position":2,"name":"Territoire"}]},{"@type":"WebSite","@id":"https:\/\/guidesi.ch\/#website","url":"https:\/\/guidesi.ch\/","name":"GuideSi","description":"Guide Turistiche della Svizzera Italiana","publisher":{"@id":"https:\/\/guidesi.ch\/#organization"},"potentialAction":[{"@type":"SearchAction","target":{"@type":"EntryPoint","urlTemplate":"https:\/\/guidesi.ch\/?s={search_term_string}"},"query-input":{"@type":"PropertyValueSpecification","valueRequired":true,"valueName":"search_term_string"}}],"inLanguage":"fr-FR"},{"@type":"Organization","@id":"https:\/\/guidesi.ch\/#organization","name":"GuideSi","url":"https:\/\/guidesi.ch\/","logo":{"@type":"ImageObject","inLanguage":"fr-FR","@id":"https:\/\/guidesi.ch\/#\/schema\/logo\/image\/","url":"https:\/\/guidesi.ch\/2023\/wp-content\/uploads\/2023\/09\/400x120_guidesi_logo.png","contentUrl":"https:\/\/guidesi.ch\/2023\/wp-content\/uploads\/2023\/09\/400x120_guidesi_logo.png","width":400,"height":120,"caption":"GuideSi"},"image":{"@id":"https:\/\/guidesi.ch\/#\/schema\/logo\/image\/"}}]}},"_links":{"self":[{"href":"https:\/\/guidesi.ch\/fr\/wp-json\/wp\/v2\/pages\/1361","targetHints":{"allow":["GET"]}}],"collection":[{"href":"https:\/\/guidesi.ch\/fr\/wp-json\/wp\/v2\/pages"}],"about":[{"href":"https:\/\/guidesi.ch\/fr\/wp-json\/wp\/v2\/types\/page"}],"author":[{"embeddable":true,"href":"https:\/\/guidesi.ch\/fr\/wp-json\/wp\/v2\/users\/1"}],"replies":[{"embeddable":true,"href":"https:\/\/guidesi.ch\/fr\/wp-json\/wp\/v2\/comments?post=1361"}],"version-history":[{"count":6,"href":"https:\/\/guidesi.ch\/fr\/wp-json\/wp\/v2\/pages\/1361\/revisions"}],"predecessor-version":[{"id":3587,"href":"https:\/\/guidesi.ch\/fr\/wp-json\/wp\/v2\/pages\/1361\/revisions\/3587"}],"wp:attachment":[{"href":"https:\/\/guidesi.ch\/fr\/wp-json\/wp\/v2\/media?parent=1361"}],"curies":[{"name":"wp","href":"https:\/\/api.w.org\/{rel}","templated":true}]}}